{"id":10790,"date":"2022-04-01T18:04:25","date_gmt":"2022-04-01T21:04:25","guid":{"rendered":"https:\/\/luismaluf.com\/z-usina\/"},"modified":"2022-07-13T16:39:32","modified_gmt":"2022-07-13T19:39:32","slug":"z-usina","status":"publish","type":"page","link":"https:\/\/luismaluf.com\/en\/z-usina\/","title":{"rendered":"Z-Usina"},"content":{"rendered":"<div class=\"wpb-content-wrapper\">[vc_row thb_full_width=&#8221;true&#8221; thb_divider_position=&#8221;bottom&#8221; css=&#8221;.vc_custom_1649714801520{padding-top: 15vh !important;padding-bottom: 9vh !important;background-color: #000000 !important;}&#8221; el_class=&#8221;align-center&#8221;][vc_column thb_color=&#8221;thb-light-column&#8221; width=&#8221;5\/6&#8243;][vc_row_inner css=&#8221;.vc_custom_1649711269394{padding-top: 9vh !important;}&#8221;][vc_column_inner]\t<div id=\"thb-image-69f435871d6ea\" class=\"caption-style1  aligncenter   thb_image_link wp-caption \">\n\t\t\t<div class=\"thb-image-inner size_100\">\n\t\t\t<img loading=\"lazy\" decoding=\"async\" width=\"1684\" height=\"1192\" src=\"https:\/\/luismaluf.com\/wp-content\/uploads\/2022\/04\/usina1-1.jpg\" class=\"thb_image    attachment-full\" alt=\"\" title=\"usina1-1\">\t\t\t\t\t<\/div>\n\t\t\t\t\t<div class=\"thb-image-content\">\n\t\tExposi\u00e7\u00e3o \u201cAteli\u00ea Aberto\u201d, na Usina Luis Maluf\t\t<\/div>\n\t\t\t<\/div>\n\t[\/vc_column_inner][\/vc_row_inner][\/vc_column][\/vc_row][vc_row thb_full_width=&#8221;true&#8221; thb_divider_position=&#8221;bottom&#8221; css=&#8221;.vc_custom_1649712115421{padding-bottom: 9vh !important;background-color: #000000 !important;}&#8221; el_class=&#8221;align-center&#8221;][vc_column thb_color=&#8221;thb-light-column&#8221; width=&#8221;5\/6&#8243;][vc_column_text]\n<h2>LUIS MALUF GALERIA<br \/>\nDE ARTE<\/h2>\n[\/vc_column_text][vc_separator color=&#8221;white&#8221; align=&#8221;align_left&#8221; border_width=&#8221;2&#8243; el_width=&#8221;40&#8243;][vc_row_inner css=&#8221;.vc_custom_1649711269394{padding-top: 9vh !important;}&#8221;][vc_column_inner width=&#8221;1\/2&#8243;][\/vc_column_inner][vc_column_inner width=&#8221;1\/2&#8243;][vc_column_text]A Luis Maluf Galeria de Arte, fundada em 2014 na cidade de S\u00e3o Paulo, apresenta-se como um espa\u00e7o de <strong>fomento e incentivo<\/strong> \u00e0 arte contempor\u00e2nea.<\/p>\n<p>Com sedes nos bairros Jardins, Pinheiros e Barra Funda, em S\u00e3o Paulo, a galeria conta com um acervo de obras de <strong>artistas nacionais e internacionais<\/strong>. Realiza exposi\u00e7\u00f5es que propiciam um ambiente aberto \u00e0s discuss\u00f5es e debates em torno da atual produ\u00e7\u00e3o art\u00edstica no Brasil e no mundo.<\/p>\n<p>Buscando ampliar o alcance das discuss\u00f5es a respeito da arte contempor\u00e2nea, a Galeria Luis Maluf conta com uma <strong>segunda unidade<\/strong>, a Usina Luis Maluf (ULM), localizada na Barra Funda, bairro do centro expandido de S\u00e3o Paulo.[\/vc_column_text][\/vc_column_inner][\/vc_row_inner][\/vc_column][\/vc_row][vc_row thb_full_width=&#8221;true&#8221; thb_divider_position=&#8221;bottom&#8221; css=&#8221;.vc_custom_1649712115421{padding-bottom: 9vh !important;background-color: #000000 !important;}&#8221; el_class=&#8221;align-center&#8221;][vc_column thb_color=&#8221;thb-light-column&#8221; width=&#8221;5\/6&#8243;][vc_row_inner][vc_column_inner width=&#8221;1\/2&#8243;][vc_column_text]\n<h2>ARTISTAS<br \/>\nREPRESENTADOS<\/h2>\n[\/vc_column_text][vc_separator color=&#8221;white&#8221; align=&#8221;align_left&#8221; border_width=&#8221;2&#8243; el_width=&#8221;40&#8243;][\/vc_column_inner][vc_column_inner width=&#8221;1\/2&#8243;][vc_column_text]ALINE BISPO<br \/>\nANNY LEMOS<br \/>\nBORDALO II<br \/>\nAPOLO TORRES<br \/>\nCRANIO<br \/>\nCLARA BENFATTI<br \/>\nEDU SILVA<br \/>\nFINOK<br \/>\nGIAN LUCA EWBANK<br \/>\nJESSE THOMPSON<br \/>\nLUIZ ESCA\u00d1UELA<br \/>\nMARIANO BARONE<br \/>\nMARCK<br \/>\nMICHELANGELO BASTIANI<br \/>\nMARIE-LUCE NADAL<br \/>\nTHIAGO HAIDAR<br \/>\nTATIANE FREITAS<br \/>\nVINICIUS PARISI<br \/>\nVERMELHO STEAM<br \/>\nYOHANNAH DE OLIVEIRA[\/vc_column_text][\/vc_column_inner][\/vc_row_inner][\/vc_column][\/vc_row][vc_row thb_full_width=&#8221;true&#8221; thb_divider_position=&#8221;bottom&#8221; css=&#8221;.vc_custom_1649712318810{padding-bottom: 9vh !important;background-color: #000000 !important;}&#8221; el_class=&#8221;align-center&#8221;][vc_column thb_color=&#8221;thb-light-column&#8221; width=&#8221;5\/6&#8243;][vc_column_text]\n<h2>LUIS MALUF GALERIA<br \/>\nDE ARTE<\/h2>\n[\/vc_column_text][vc_separator color=&#8221;white&#8221; align=&#8221;align_left&#8221; border_width=&#8221;2&#8243; el_width=&#8221;40&#8243;][vc_row_inner css=&#8221;.vc_custom_1649711269394{padding-top: 9vh !important;}&#8221;][vc_column_inner width=&#8221;1\/2&#8243;][vc_column_text]\n<h3>JARDINS, SP<\/h3>\n[\/vc_column_text][\/vc_column_inner][vc_column_inner width=&#8221;1\/2&#8243;][vc_column_text]A sede localizada no bairro do Jardins funciona desde a funda\u00e7\u00e3o da galeria, em uma <strong>\u00e1rea j\u00e1 consolidada no mercado de arte<\/strong>, repleta de outras galerias, com constante visita\u00e7\u00e3o de um p\u00fablico que j\u00e1 tem contato com as produ\u00e7\u00f5es art\u00edsticas contempor\u00e2neas.<\/p>\n<p>A galeria no Jardins conta com visita\u00e7\u00e3o m\u00e9dia de <strong>300 pessoas<\/strong> por m\u00eas.[\/vc_column_text][\/vc_column_inner][\/vc_row_inner][vc_row_inner css=&#8221;.vc_custom_1649711269394{padding-top: 9vh !important;}&#8221;][vc_column_inner]\t<div id=\"thb-image-69f43587222af\" class=\"caption-style1  aligncenter   thb_image_link wp-caption \">\n\t\t\t<div class=\"thb-image-inner size_100\">\n\t\t\t<img loading=\"lazy\" decoding=\"async\" width=\"1684\" height=\"1192\" src=\"https:\/\/luismaluf.com\/wp-content\/uploads\/2022\/04\/usina1.jpg\" class=\"thb_image    attachment-full\" alt=\"\" title=\"usina1\">\t\t\t\t\t<\/div>\n\t\t\t\t\t<div class=\"thb-image-content\">\n\t\tAbertura da exposi\u00e7\u00e3o individual de Mariano Barone\t\t<\/div>\n\t\t\t<\/div>\n\t[\/vc_column_inner][\/vc_row_inner][\/vc_column][\/vc_row][vc_row thb_full_width=&#8221;true&#8221; thb_divider_position=&#8221;bottom&#8221; css=&#8221;.vc_custom_1649711625148{padding-top: 9vh !important;padding-bottom: 9vh !important;}&#8221; el_class=&#8221;align-center&#8221;][vc_column width=&#8221;5\/6&#8243;][vc_row_inner][vc_column_inner width=&#8221;1\/2&#8243;]\t<div id=\"thb-image-69f43587265c0\" class=\"caption-style1  aligncenter   thb_image_link wp-caption \">\n\t\t\t<div class=\"thb-image-inner size_100\">\n\t\t\t<img loading=\"lazy\" decoding=\"async\" width=\"1169\" height=\"794\" src=\"https:\/\/luismaluf.com\/wp-content\/uploads\/2022\/04\/usina2.jpg\" class=\"thb_image    attachment-full\" alt=\"\" title=\"usina2\">\t\t\t\t\t<\/div>\n\t\t\t\t\t<\/div>\n\t[\/vc_column_inner][vc_column_inner width=&#8221;1\/2&#8243;]\t<div id=\"thb-image-69f435872857b\" class=\"caption-style1  aligncenter   thb_image_link wp-caption \">\n\t\t\t<div class=\"thb-image-inner size_100\">\n\t\t\t<img loading=\"lazy\" decoding=\"async\" width=\"1169\" height=\"794\" src=\"https:\/\/luismaluf.com\/wp-content\/uploads\/2022\/04\/usina3.jpg\" class=\"thb_image    attachment-full\" alt=\"\" title=\"usina3\">\t\t\t\t\t<\/div>\n\t\t\t\t\t<\/div>\n\t[\/vc_column_inner][\/vc_row_inner][vc_column_text css=&#8221;.vc_custom_1649711744713{padding-top: 6vh !important;}&#8221;]\n<p style=\"text-align: right;\">Espa\u00e7o expositivo da Galeria no Jardins<\/p>\n[\/vc_column_text][\/vc_column][\/vc_row][vc_row thb_full_width=&#8221;true&#8221; thb_divider_position=&#8221;bottom&#8221; css=&#8221;.vc_custom_1649711308513{padding-top: 9vh !important;padding-bottom: 9vh !important;background-color: #000000 !important;}&#8221; el_class=&#8221;align-center&#8221;][vc_column thb_color=&#8221;thb-light-column&#8221; width=&#8221;5\/6&#8243;][vc_column_text]\n<h2>USINA LUIS MALUF<\/h2>\n[\/vc_column_text][vc_separator color=&#8221;white&#8221; align=&#8221;align_left&#8221; border_width=&#8221;2&#8243; el_width=&#8221;40&#8243;][vc_row_inner css=&#8221;.vc_custom_1649711269394{padding-top: 9vh !important;}&#8221;][vc_column_inner width=&#8221;1\/2&#8243;][vc_column_text]\n<h3>BARRA FUNDA, SP<\/h3>\n[\/vc_column_text][\/vc_column_inner][vc_column_inner width=&#8221;1\/2&#8243;][vc_column_text]Inaugurada em junho de 2021 com o <strong>Projeto de Resid\u00eancia Art\u00edstica<\/strong>, a Usina Luis Maluf tem como intuitos <strong>promover uma forma\u00e7\u00e3o art\u00edstic<\/strong>a tanto pr\u00e1tica quanto te\u00f3rica, a fim de proporcionar uma orienta\u00e7\u00e3o aos participantes com diversos agentes do circuito das artes e de ser um espa\u00e7o que abriga <strong>exposi\u00e7\u00f5es coletivas e individuais de maior porte<\/strong>.<\/p>\n<p>Vale ressaltar sobre a localiza\u00e7\u00e3o na Barra Funda, bairro que vem se constituindo como <strong>polo de articula\u00e7\u00e3o art\u00edstica<\/strong>, com diversas galerias locais, teatros, museus e casas de cultura. Nesse sentido, a Usina emerge como mais um <strong>espa\u00e7o de fomento<\/strong> na regi\u00e3o, ampliando o acesso a discuss\u00f5es sobre as mais diversas linguagens art\u00edsticas e culturais.<\/p>\n<p>A \u00faltima exposi\u00e7\u00e3o contou com visita\u00e7\u00e3o m\u00e9dia de <strong>60 pessoas por dia<\/strong>. Totalizando mais de <strong>2.500 visitantes<\/strong> ao final da mostra.[\/vc_column_text][\/vc_column_inner][\/vc_row_inner][vc_row_inner css=&#8221;.vc_custom_1649711269394{padding-top: 9vh !important;}&#8221;][vc_column_inner]\t<div id=\"thb-image-69f435872aa2c\" class=\"caption-style1  aligncenter   thb_image_link wp-caption \">\n\t\t\t<div class=\"thb-image-inner size_100\">\n\t\t\t<img loading=\"lazy\" decoding=\"async\" width=\"1684\" height=\"1192\" src=\"https:\/\/luismaluf.com\/wp-content\/uploads\/2022\/04\/usina4.jpg\" class=\"thb_image    attachment-full\" alt=\"\" title=\"usina4\">\t\t\t\t\t<\/div>\n\t\t\t\t\t<div class=\"thb-image-content\">\n\t\tUsina Luis Maluf (ULM)\t\t<\/div>\n\t\t\t<\/div>\n\t[vc_empty_space height=&#8221;30px&#8221;]\t<div id=\"thb-image-69f435873042c\" class=\"caption-style1  aligncenter   thb_image_link wp-caption \">\n\t\t\t<div class=\"thb-image-inner size_100\">\n\t\t\t<img loading=\"lazy\" decoding=\"async\" width=\"1684\" height=\"1192\" src=\"https:\/\/luismaluf.com\/wp-content\/uploads\/2022\/04\/usina5.jpg\" class=\"thb_image    attachment-full\" alt=\"\" title=\"usina5\">\t\t\t\t\t<\/div>\n\t\t\t\t\t<div class=\"thb-image-content\">\n\t\tUsina Luis Maluf (ULM)\t\t<\/div>\n\t\t\t<\/div>\n\t[\/vc_column_inner][\/vc_row_inner][\/vc_column][\/vc_row][vc_row thb_full_width=&#8221;true&#8221; thb_divider_position=&#8221;bottom&#8221; css=&#8221;.vc_custom_1649712318810{padding-bottom: 9vh !important;background-color: #000000 !important;}&#8221; el_class=&#8221;align-center&#8221;][vc_column thb_color=&#8221;thb-light-column&#8221; width=&#8221;5\/6&#8243;][vc_column_text]\n<h2>CASA GALERIA<\/h2>\n[\/vc_column_text][vc_separator color=&#8221;white&#8221; align=&#8221;align_left&#8221; border_width=&#8221;2&#8243; el_width=&#8221;40&#8243;][vc_row_inner css=&#8221;.vc_custom_1649711269394{padding-top: 9vh !important;}&#8221;][vc_column_inner width=&#8221;1\/2&#8243;][vc_column_text]\n<h3>PINHEIROS, SP<\/h3>\n[\/vc_column_text][\/vc_column_inner][vc_column_inner width=&#8221;1\/2&#8243;][vc_column_text]Sendo um espa\u00e7o dedicado a receber colecionadores, curadores, clientes, e outros agentes das artes, a Casa Galeria \u00e9 um espa\u00e7o acolhedor que oferece eventos fechados, jantares, recep\u00e7\u00e3o \u00e0 imprensa, visitas guiadas, possibilitando encontros mais pr\u00f3ximos entre os artistas e esses agentes do mercado.[\/vc_column_text][\/vc_column_inner][\/vc_row_inner][\/vc_column][\/vc_row][vc_row thb_full_width=&#8221;true&#8221; thb_divider_position=&#8221;bottom&#8221; css=&#8221;.vc_custom_1649711625148{padding-top: 9vh !important;padding-bottom: 9vh !important;}&#8221; el_class=&#8221;align-center&#8221;][vc_column width=&#8221;5\/6&#8243;][vc_row_inner][vc_column_inner width=&#8221;1\/2&#8243;]\t<div id=\"thb-image-69f435873326a\" class=\"caption-style1  aligncenter   thb_image_link wp-caption \">\n\t\t\t<div class=\"thb-image-inner size_100\">\n\t\t\t<img loading=\"lazy\" decoding=\"async\" width=\"884\" height=\"1192\" src=\"https:\/\/luismaluf.com\/wp-content\/uploads\/2022\/04\/usina6.jpg\" class=\"thb_image    attachment-full\" alt=\"\" title=\"usina6\">\t\t\t\t\t<\/div>\n\t\t\t\t\t<\/div>\n\t[\/vc_column_inner][vc_column_inner width=&#8221;1\/2&#8243;]\t<div id=\"thb-image-69f4358739e17\" class=\"caption-style1  aligncenter   thb_image_link wp-caption \">\n\t\t\t<div class=\"thb-image-inner size_100\">\n\t\t\t<img loading=\"lazy\" decoding=\"async\" width=\"884\" height=\"1192\" src=\"https:\/\/luismaluf.com\/wp-content\/uploads\/2022\/04\/usina7.jpg\" class=\"thb_image    attachment-full\" alt=\"\" title=\"usina7\">\t\t\t\t\t<\/div>\n\t\t\t\t\t<\/div>\n\t[\/vc_column_inner][\/vc_row_inner][\/vc_column][\/vc_row][vc_row thb_full_width=&#8221;true&#8221; thb_divider_position=&#8221;bottom&#8221; css=&#8221;.vc_custom_1649712759687{padding-top: 9vh !important;padding-bottom: 9vh !important;background-color: #000000 !important;}&#8221; el_class=&#8221;align-center&#8221;][vc_column thb_color=&#8221;thb-light-column&#8221; width=&#8221;5\/6&#8243;][vc_column_text]\n<h2>RESID\u00caNCIA ART\u00cdSTICA<br \/>\nDA USINA LUIS MALUF<\/h2>\n[\/vc_column_text][vc_separator color=&#8221;white&#8221; align=&#8221;align_left&#8221; border_width=&#8221;2&#8243; el_width=&#8221;40&#8243;][vc_row_inner css=&#8221;.vc_custom_1649711269394{padding-top: 9vh !important;}&#8221;][vc_column_inner width=&#8221;1\/2&#8243;][\/vc_column_inner][vc_column_inner width=&#8221;1\/2&#8243;][vc_column_text]\u201cO projeto de resid\u00eancia da ULM nasce com a proposta de <strong>fomentar a produ\u00e7\u00e3o art\u00edstica<\/strong> do nosso pa\u00eds e oferecer ferramentas a esses artistas. Instalada na Barra Funda, regi\u00e3o que vem se tornando um polo das artes visuais, a ULM \u00e9 uma verdadeira usina mesmo, <strong>um ambiente de experimenta\u00e7\u00e3o<\/strong>, um espa\u00e7o onde os artistas podem desenvolver <strong>novas ideias<\/strong> ou <strong>tirar projetos do papel<\/strong> com o acompanhamento cr\u00edtico e construtivo da equipe m\u00faltipla que colabora para a resid\u00eancia\u201d, explica o fundador Luis Maluf.[\/vc_column_text][\/vc_column_inner][\/vc_row_inner][vc_row_inner css=&#8221;.vc_custom_1649711269394{padding-top: 9vh !important;}&#8221;][vc_column_inner]\t<div id=\"thb-image-69f435873f85b\" class=\"caption-style1  aligncenter   thb_image_link wp-caption \">\n\t\t\t<div class=\"thb-image-inner size_100\">\n\t\t\t<img loading=\"lazy\" decoding=\"async\" width=\"1684\" height=\"1192\" src=\"https:\/\/luismaluf.com\/wp-content\/uploads\/2022\/04\/usina8.jpg\" class=\"thb_image    attachment-full\" alt=\"\" title=\"usina8\">\t\t\t\t\t<\/div>\n\t\t\t\t\t<div class=\"thb-image-content\">\n\t\t\n<p>Resid\u00eancia Art\u00edstica da Usina Luis Maluf<\/p>\n\t\t<\/div>\n\t\t\t<\/div>\n\t[vc_empty_space height=&#8221;30px&#8221;]\t<div id=\"thb-image-69f4358743ada\" class=\"caption-style1  aligncenter   thb_image_link wp-caption \">\n\t\t\t<div class=\"thb-image-inner size_100\">\n\t\t\t<img loading=\"lazy\" decoding=\"async\" width=\"1684\" height=\"1192\" src=\"https:\/\/luismaluf.com\/wp-content\/uploads\/2022\/04\/usina9.jpg\" class=\"thb_image    attachment-full\" alt=\"\" title=\"usina9\">\t\t\t\t\t<\/div>\n\t\t\t\t\t<div class=\"thb-image-content\">\n\t\tResid\u00eancia Art\u00edstica da Usina Luis Maluf\t\t<\/div>\n\t\t\t<\/div>\n\t[\/vc_column_inner][\/vc_row_inner][\/vc_column][\/vc_row][vc_row thb_full_width=&#8221;true&#8221; thb_divider_position=&#8221;bottom&#8221; css=&#8221;.vc_custom_1649712759687{padding-top: 9vh !important;padding-bottom: 9vh !important;background-color: #000000 !important;}&#8221; el_class=&#8221;align-center&#8221;][vc_column thb_color=&#8221;thb-light-column&#8221; width=&#8221;5\/6&#8243;][vc_column_text]\n<h2>RESID\u00caNCIA ART\u00cdSTICA<br \/>\nDA USINA LUIS MALUF<\/h2>\n[\/vc_column_text][vc_separator color=&#8221;white&#8221; align=&#8221;align_left&#8221; border_width=&#8221;2&#8243; el_width=&#8221;40&#8243;][vc_row_inner css=&#8221;.vc_custom_1649711269394{padding-top: 9vh !important;}&#8221;][vc_column_inner width=&#8221;1\/2&#8243;][vc_column_text]\n<h3>Exposi\u00e7\u00e3o de encerramento<\/h3>\n[\/vc_column_text][\/vc_column_inner][vc_column_inner width=&#8221;1\/2&#8243;][vc_column_text]Ao final da primeira edi\u00e7\u00e3o da resid\u00eancia, que aconteceu entre junho e outubro de 2021, foi realizada uma <strong>mostra coletiva<\/strong>. Nessa exposi\u00e7\u00e3o, os ateli\u00eas dos participantes permaneceram montados, e os visitantes podiam ter acesso a partes importantes do processo dos artistas, como uma forma de <strong>valorizar tamb\u00e9m o processo que foi desenvolvido ali<\/strong>, e n\u00e3o s\u00f3 a obra finalizada.[\/vc_column_text][\/vc_column_inner][\/vc_row_inner][vc_row_inner css=&#8221;.vc_custom_1649711269394{padding-top: 9vh !important;}&#8221;][vc_column_inner]\t<div id=\"thb-image-69f4358745519\" class=\"caption-style1  aligncenter   thb_image_link wp-caption \">\n\t\t\t<div class=\"thb-image-inner size_100\">\n\t\t\t<img loading=\"lazy\" decoding=\"async\" width=\"1684\" height=\"1192\" src=\"https:\/\/luismaluf.com\/wp-content\/uploads\/2022\/04\/usina10.jpg\" class=\"thb_image    attachment-full\" alt=\"\" title=\"usina10\">\t\t\t\t\t<\/div>\n\t\t\t\t\t<div class=\"thb-image-content\">\n\t\tExposi\u00e7\u00e3o \u201cAteli\u00ea Aberto\u201d, 2021\t\t<\/div>\n\t\t\t<\/div>\n\t[\/vc_column_inner][\/vc_row_inner][\/vc_column][\/vc_row][vc_row thb_full_width=&#8221;true&#8221; thb_divider_position=&#8221;bottom&#8221; css=&#8221;.vc_custom_1649711625148{padding-top: 9vh !important;padding-bottom: 9vh !important;}&#8221; el_class=&#8221;align-center&#8221;][vc_column width=&#8221;5\/6&#8243;][vc_row_inner][vc_column_inner width=&#8221;1\/3&#8243;]\t<div id=\"thb-image-69f4358746fb1\" class=\"caption-style1  aligncenter   thb_image_link wp-caption \">\n\t\t\t<div class=\"thb-image-inner size_100\">\n\t\t\t<img loading=\"lazy\" decoding=\"async\" width=\"528\" height=\"809\" src=\"https:\/\/luismaluf.com\/wp-content\/uploads\/2022\/04\/usina11.jpg\" class=\"thb_image    attachment-full\" alt=\"\" title=\"usina11\">\t\t\t\t\t<\/div>\n\t\t\t\t\t<\/div>\n\t[\/vc_column_inner][vc_column_inner width=&#8221;1\/3&#8243;]\t<div id=\"thb-image-69f435874878b\" class=\"caption-style1  aligncenter   thb_image_link wp-caption \">\n\t\t\t<div class=\"thb-image-inner size_100\">\n\t\t\t<img loading=\"lazy\" decoding=\"async\" width=\"528\" height=\"809\" src=\"https:\/\/luismaluf.com\/wp-content\/uploads\/2022\/04\/usina12.jpg\" class=\"thb_image    attachment-full\" alt=\"\" title=\"usina12\">\t\t\t\t\t<\/div>\n\t\t\t\t\t<\/div>\n\t[\/vc_column_inner][vc_column_inner width=&#8221;1\/3&#8243;]\t<div id=\"thb-image-69f4358749877\" class=\"caption-style1  aligncenter   thb_image_link wp-caption \">\n\t\t\t<div class=\"thb-image-inner size_100\">\n\t\t\t<img loading=\"lazy\" decoding=\"async\" width=\"528\" height=\"809\" src=\"https:\/\/luismaluf.com\/wp-content\/uploads\/2022\/04\/usina13.jpg\" class=\"thb_image    attachment-full\" alt=\"\" title=\"usina13\">\t\t\t\t\t<\/div>\n\t\t\t\t\t<\/div>\n\t[\/vc_column_inner][\/vc_row_inner][vc_column_text css=&#8221;.vc_custom_1649713195331{padding-top: 6vh !important;}&#8221;]\n<p style=\"text-align: right;\">Exposi\u00e7\u00e3o \u201cAteli\u00ea Aberto\u201d, 2021<\/p>\n[\/vc_column_text][\/vc_column][\/vc_row][vc_row thb_full_width=&#8221;true&#8221; thb_divider_position=&#8221;bottom&#8221; css=&#8221;.vc_custom_1649712759687{padding-top: 9vh !important;padding-bottom: 9vh !important;background-color: #000000 !important;}&#8221; el_class=&#8221;align-center&#8221;][vc_column thb_color=&#8221;thb-light-column&#8221; width=&#8221;5\/6&#8243;][vc_column_text]\n<h2>USINA LUIS MALUF<\/h2>\n[\/vc_column_text][vc_separator color=&#8221;white&#8221; align=&#8221;align_left&#8221; border_width=&#8221;2&#8243; el_width=&#8221;40&#8243;][vc_row_inner css=&#8221;.vc_custom_1649711269394{padding-top: 9vh !important;}&#8221;][vc_column_inner width=&#8221;1\/2&#8243;][vc_column_text]\n<h3>STOP! &#8211; A maior exposi\u00e7\u00e3o<br \/>\ndo artista Cranio j\u00e1 realizada<\/h3>\n[\/vc_column_text][\/vc_column_inner][vc_column_inner width=&#8221;1\/2&#8243;][vc_column_text]A segunda exposi\u00e7\u00e3o da ULM contou com a produ\u00e7\u00e3o do artista Cranio, que aconteceu em Novembro de 2021 e Fevereiro de 2022, e apresentou <strong>mais de 60 obras in\u00e9ditas<\/strong>, todas produzidas desde o in\u00edcio do isolamento social dado pela pandemia. As tem\u00e1ticas de cunho social s\u00e3o o ponto-chave que direciona suas cria\u00e7\u00f5es, refletindo sobre quest\u00f5es pol\u00edticas, de ra\u00e7a, rela\u00e7\u00f5es de consumo, al\u00e9m de quest\u00f5es ambientais e de classe.[\/vc_column_text][\/vc_column_inner][\/vc_row_inner][vc_row_inner css=&#8221;.vc_custom_1649711269394{padding-top: 9vh !important;}&#8221;][vc_column_inner]\t<div id=\"thb-image-69f435874b440\" class=\"caption-style1  aligncenter   thb_image_link wp-caption \">\n\t\t\t<div class=\"thb-image-inner size_100\">\n\t\t\t<img loading=\"lazy\" decoding=\"async\" width=\"1684\" height=\"1192\" src=\"https:\/\/luismaluf.com\/wp-content\/uploads\/2022\/04\/usina14.jpg\" class=\"thb_image    attachment-full\" alt=\"\" title=\"usina14\">\t\t\t\t\t<\/div>\n\t\t\t\t\t<div class=\"thb-image-content\">\n\t\tAbertura da Exposi\u00e7\u00e3o \u201cStop!\u201d, de Cranio, 2021\t\t<\/div>\n\t\t\t<\/div>\n\t[\/vc_column_inner][\/vc_row_inner][\/vc_column][\/vc_row][vc_row thb_full_width=&#8221;true&#8221; thb_divider_position=&#8221;bottom&#8221; css=&#8221;.vc_custom_1649711625148{padding-top: 9vh !important;padding-bottom: 9vh !important;}&#8221; el_class=&#8221;align-center&#8221;][vc_column width=&#8221;5\/6&#8243;][vc_row_inner][vc_column_inner width=&#8221;1\/3&#8243;]\t<div id=\"thb-image-69f435874d2da\" class=\"caption-style1  aligncenter   thb_image_link wp-caption \">\n\t\t\t<div class=\"thb-image-inner size_100\">\n\t\t\t<img loading=\"lazy\" decoding=\"async\" width=\"518\" height=\"704\" src=\"https:\/\/luismaluf.com\/wp-content\/uploads\/2022\/04\/cranio1.jpg\" class=\"thb_image    attachment-full\" alt=\"\" title=\"cranio1\">\t\t\t\t\t<\/div>\n\t\t\t\t\t<\/div>\n\t[\/vc_column_inner][vc_column_inner width=&#8221;1\/3&#8243;]\t<div id=\"thb-image-69f4358750618\" class=\"caption-style1  aligncenter   thb_image_link wp-caption \">\n\t\t\t<div class=\"thb-image-inner size_100\">\n\t\t\t<img loading=\"lazy\" decoding=\"async\" width=\"518\" height=\"704\" src=\"https:\/\/luismaluf.com\/wp-content\/uploads\/2022\/04\/cranio2.jpg\" class=\"thb_image    attachment-full\" alt=\"\" title=\"cranio2\">\t\t\t\t\t<\/div>\n\t\t\t\t\t<\/div>\n\t[\/vc_column_inner][vc_column_inner width=&#8221;1\/3&#8243;]\t<div id=\"thb-image-69f435875296d\" class=\"caption-style1  aligncenter   thb_image_link wp-caption \">\n\t\t\t<div class=\"thb-image-inner size_100\">\n\t\t\t<img loading=\"lazy\" decoding=\"async\" width=\"518\" height=\"704\" src=\"https:\/\/luismaluf.com\/wp-content\/uploads\/2022\/04\/cranio3.jpg\" class=\"thb_image    attachment-full\" alt=\"\" title=\"cranio3\">\t\t\t\t\t<\/div>\n\t\t\t\t\t<\/div>\n\t[\/vc_column_inner][\/vc_row_inner][vc_column_text css=&#8221;.vc_custom_1649713417465{padding-top: 6vh !important;}&#8221;]\n<p style=\"text-align: right;\">Exposi\u00e7\u00e3o \u201cStop!\u201d, de Cranio, 2021<\/p>\n[\/vc_column_text][\/vc_column][\/vc_row][vc_row thb_full_width=&#8221;true&#8221; thb_divider_position=&#8221;bottom&#8221; css=&#8221;.vc_custom_1649712759687{padding-top: 9vh !important;padding-bottom: 9vh !important;background-color: #000000 !important;}&#8221; el_class=&#8221;align-center&#8221;][vc_column thb_color=&#8221;thb-light-column&#8221; width=&#8221;5\/6&#8243;][vc_column_text]\n<h2>PROJETOS<\/h2>\n[\/vc_column_text][vc_separator color=&#8221;white&#8221; align=&#8221;align_left&#8221; border_width=&#8221;2&#8243; el_width=&#8221;40&#8243;][vc_row_inner css=&#8221;.vc_custom_1649711269394{padding-top: 9vh !important;}&#8221;][vc_column_inner width=&#8221;1\/2&#8243;][vc_column_text]\n<h3>DriveThru.Art<\/h3>\n<h3>ARCA<br \/>\n2020<\/h3>\n[\/vc_column_text][\/vc_column_inner][vc_column_inner width=&#8221;1\/2&#8243;][vc_column_text]Com galerias de arte e museus fechados devido a a pandemia de Covid-19, a Galeria de Art Luis Maluf convidou <strong>18 artistas brasileiros<\/strong> a criar obras de 15 metros quadrados, e exibiu os resultados em um drive thru show &#8211; uma das primeiras iniciativas deste tipo no mundo.<\/p>\n<p>A mostra recebeu mais de <strong>40.000 visitas em um m\u00eas<\/strong>, seguindo as recomenda\u00e7\u00f5es da OMS para minimizar o risco de transmiss\u00e3o de Covid-19. O DriveThru.Art foi um projecto muito bem sucedido, notado por meio como o The New York Times, BBC, Forbes, The Washignton Post, Miami Harald, entre outros.[\/vc_column_text][\/vc_column_inner][\/vc_row_inner][vc_row_inner css=&#8221;.vc_custom_1649711269394{padding-top: 9vh !important;}&#8221;][vc_column_inner]\t<div id=\"thb-image-slider-953\" class=\"thb-image-slider thb-carousel row  overflow-visible   center-arrows\" data-pagination=\"\" data-center=\"\" data-columns=\"1\" data-infinite=\"true\" data-autoplay=\"true\" data-autoplay-speed=\"3000\" data-navigation=\"true\">\n\t\t\t\t\t\t<figure class=\"columns\">\n\t\t\t\t\t\t\t\t<img loading=\"lazy\" decoding=\"async\" width=\"1684\" height=\"1166\" src=\"https:\/\/luismaluf.com\/wp-content\/uploads\/2022\/04\/drive1.jpg\" class=\"\" alt=\"\" srcset=\"https:\/\/luismaluf.com\/wp-content\/uploads\/2022\/04\/drive1.jpg 1684w, https:\/\/luismaluf.com\/wp-content\/uploads\/2022\/04\/drive1-600x415.jpg 600w, https:\/\/luismaluf.com\/wp-content\/uploads\/2022\/04\/drive1-1024x709.jpg 1024w, https:\/\/luismaluf.com\/wp-content\/uploads\/2022\/04\/drive1-768x532.jpg 768w, https:\/\/luismaluf.com\/wp-content\/uploads\/2022\/04\/drive1-1536x1064.jpg 1536w, https:\/\/luismaluf.com\/wp-content\/uploads\/2022\/04\/drive1-640x443.jpg 640w, https:\/\/luismaluf.com\/wp-content\/uploads\/2022\/04\/drive1-320x222.jpg 320w, https:\/\/luismaluf.com\/wp-content\/uploads\/2022\/04\/drive1-1280x886.jpg 1280w, https:\/\/luismaluf.com\/wp-content\/uploads\/2022\/04\/drive1-20x15.jpg 20w\" sizes=\"auto, (max-width: 1684px) 100vw, 1684px\" title=\"\">\t\t\t\t\t\t\t\t<\/figure>\n\t\t\t\t\t\t\t<figure class=\"columns\">\n\t\t\t\t\t\t\t\t<img loading=\"lazy\" decoding=\"async\" width=\"1684\" height=\"1166\" src=\"https:\/\/luismaluf.com\/wp-content\/uploads\/2022\/04\/drive2.jpg\" class=\"\" alt=\"\" srcset=\"https:\/\/luismaluf.com\/wp-content\/uploads\/2022\/04\/drive2.jpg 1684w, https:\/\/luismaluf.com\/wp-content\/uploads\/2022\/04\/drive2-600x415.jpg 600w, https:\/\/luismaluf.com\/wp-content\/uploads\/2022\/04\/drive2-1024x709.jpg 1024w, https:\/\/luismaluf.com\/wp-content\/uploads\/2022\/04\/drive2-768x532.jpg 768w, https:\/\/luismaluf.com\/wp-content\/uploads\/2022\/04\/drive2-1536x1064.jpg 1536w, https:\/\/luismaluf.com\/wp-content\/uploads\/2022\/04\/drive2-640x443.jpg 640w, https:\/\/luismaluf.com\/wp-content\/uploads\/2022\/04\/drive2-320x222.jpg 320w, https:\/\/luismaluf.com\/wp-content\/uploads\/2022\/04\/drive2-1280x886.jpg 1280w, https:\/\/luismaluf.com\/wp-content\/uploads\/2022\/04\/drive2-20x15.jpg 20w\" sizes=\"auto, (max-width: 1684px) 100vw, 1684px\" title=\"\">\t\t\t\t\t\t\t\t<\/figure>\n\t\t\t\t\t\t\t<figure class=\"columns\">\n\t\t\t\t\t\t\t\t<img loading=\"lazy\" decoding=\"async\" width=\"1684\" height=\"1166\" src=\"https:\/\/luismaluf.com\/wp-content\/uploads\/2022\/04\/drive3.jpg\" class=\"\" alt=\"\" srcset=\"https:\/\/luismaluf.com\/wp-content\/uploads\/2022\/04\/drive3.jpg 1684w, https:\/\/luismaluf.com\/wp-content\/uploads\/2022\/04\/drive3-600x415.jpg 600w, https:\/\/luismaluf.com\/wp-content\/uploads\/2022\/04\/drive3-1024x709.jpg 1024w, https:\/\/luismaluf.com\/wp-content\/uploads\/2022\/04\/drive3-768x532.jpg 768w, https:\/\/luismaluf.com\/wp-content\/uploads\/2022\/04\/drive3-1536x1064.jpg 1536w, https:\/\/luismaluf.com\/wp-content\/uploads\/2022\/04\/drive3-640x443.jpg 640w, https:\/\/luismaluf.com\/wp-content\/uploads\/2022\/04\/drive3-320x222.jpg 320w, https:\/\/luismaluf.com\/wp-content\/uploads\/2022\/04\/drive3-1280x886.jpg 1280w, https:\/\/luismaluf.com\/wp-content\/uploads\/2022\/04\/drive3-20x15.jpg 20w\" sizes=\"auto, (max-width: 1684px) 100vw, 1684px\" title=\"\">\t\t\t\t\t\t\t\t<\/figure>\n\t\t\t\t<\/div>\n\t[\/vc_column_inner][\/vc_row_inner][\/vc_column][\/vc_row][vc_row thb_full_width=&#8221;true&#8221; thb_divider_position=&#8221;bottom&#8221; css=&#8221;.vc_custom_1649712759687{padding-top: 9vh !important;padding-bottom: 9vh !important;background-color: #000000 !important;}&#8221; el_class=&#8221;align-center&#8221;][vc_column thb_color=&#8221;thb-light-column&#8221; width=&#8221;5\/6&#8243;][vc_column_text]\n<h2>PROJETO ESPECIAL<\/h2>\n<p>APROXIMA\u00c7\u00c3O INSTITUCIONAL[\/vc_column_text][vc_separator color=&#8221;white&#8221; align=&#8221;align_left&#8221; border_width=&#8221;2&#8243; el_width=&#8221;40&#8243;][vc_row_inner css=&#8221;.vc_custom_1649711269394{padding-top: 9vh !important;}&#8221;][vc_column_inner width=&#8221;1\/2&#8243;][vc_column_text]\n<h3>Rel\u00edquias &#8211; Vermelho Steam<\/h3>\n<h3>Centro Cultural S\u00e3o Paulo (CCSP)<br \/>\n2021<\/h3>\n[\/vc_column_text][\/vc_column_inner][vc_column_inner width=&#8221;1\/2&#8243;][vc_column_text]Ao longo dos \u00faltimos dois anos de sua vida, Vermelho Steam se dedicou a uma exposi\u00e7\u00e3o que foi interrompida pela finaliza\u00e7\u00e3o de um ciclo. A perda do artista, falecido em abril de 2021, em decorr\u00eancia de complica\u00e7\u00f5es associadas \u00e0 Covid-19, levou sua fam\u00edlia e alguns de seus amigos mais pr\u00f3ximos a realizarem esse projeto que foi interrompido. Como forma de celebrar o seu legado, a galeria dedicou-se a realizar essa mostra em <strong>homenagem ao artista e amigo<\/strong>.[\/vc_column_text][\/vc_column_inner][\/vc_row_inner][vc_row_inner css=&#8221;.vc_custom_1649711269394{padding-top: 9vh !important;}&#8221;][vc_column_inner]\t<div id=\"thb-image-slider-372\" class=\"thb-image-slider thb-carousel row  overflow-visible   center-arrows\" data-pagination=\"\" data-center=\"\" data-columns=\"1\" data-infinite=\"true\" data-autoplay=\"true\" data-autoplay-speed=\"3000\" data-navigation=\"true\">\n\t\t\t\t\t\t<figure class=\"columns\">\n\t\t\t\t\t\t\t\t<img loading=\"lazy\" decoding=\"async\" width=\"1684\" height=\"1166\" src=\"https:\/\/luismaluf.com\/wp-content\/uploads\/2022\/04\/vermelho1.jpg\" class=\"\" alt=\"\" srcset=\"https:\/\/luismaluf.com\/wp-content\/uploads\/2022\/04\/vermelho1.jpg 1684w, https:\/\/luismaluf.com\/wp-content\/uploads\/2022\/04\/vermelho1-600x415.jpg 600w, https:\/\/luismaluf.com\/wp-content\/uploads\/2022\/04\/vermelho1-1024x709.jpg 1024w, https:\/\/luismaluf.com\/wp-content\/uploads\/2022\/04\/vermelho1-768x532.jpg 768w, https:\/\/luismaluf.com\/wp-content\/uploads\/2022\/04\/vermelho1-1536x1064.jpg 1536w, https:\/\/luismaluf.com\/wp-content\/uploads\/2022\/04\/vermelho1-640x443.jpg 640w, https:\/\/luismaluf.com\/wp-content\/uploads\/2022\/04\/vermelho1-320x222.jpg 320w, https:\/\/luismaluf.com\/wp-content\/uploads\/2022\/04\/vermelho1-1280x886.jpg 1280w, https:\/\/luismaluf.com\/wp-content\/uploads\/2022\/04\/vermelho1-20x15.jpg 20w\" sizes=\"auto, (max-width: 1684px) 100vw, 1684px\" title=\"\">\t\t\t\t\t\t\t\t<\/figure>\n\t\t\t\t\t\t\t<figure class=\"columns\">\n\t\t\t\t\t\t\t\t<img loading=\"lazy\" decoding=\"async\" width=\"1684\" height=\"1166\" src=\"https:\/\/luismaluf.com\/wp-content\/uploads\/2022\/04\/vermelho2.jpg\" class=\"\" alt=\"\" srcset=\"https:\/\/luismaluf.com\/wp-content\/uploads\/2022\/04\/vermelho2.jpg 1684w, https:\/\/luismaluf.com\/wp-content\/uploads\/2022\/04\/vermelho2-600x415.jpg 600w, https:\/\/luismaluf.com\/wp-content\/uploads\/2022\/04\/vermelho2-1024x709.jpg 1024w, https:\/\/luismaluf.com\/wp-content\/uploads\/2022\/04\/vermelho2-768x532.jpg 768w, https:\/\/luismaluf.com\/wp-content\/uploads\/2022\/04\/vermelho2-1536x1064.jpg 1536w, https:\/\/luismaluf.com\/wp-content\/uploads\/2022\/04\/vermelho2-640x443.jpg 640w, https:\/\/luismaluf.com\/wp-content\/uploads\/2022\/04\/vermelho2-320x222.jpg 320w, https:\/\/luismaluf.com\/wp-content\/uploads\/2022\/04\/vermelho2-1280x886.jpg 1280w, https:\/\/luismaluf.com\/wp-content\/uploads\/2022\/04\/vermelho2-20x15.jpg 20w\" sizes=\"auto, (max-width: 1684px) 100vw, 1684px\" title=\"\">\t\t\t\t\t\t\t\t<\/figure>\n\t\t\t\t<\/div>\n\t[\/vc_column_inner][\/vc_row_inner][vc_column_text css=&#8221;.vc_custom_1649713935188{padding-top: 30px !important;}&#8221;]\n<p style=\"text-align: right;\">Rel\u00edquias, Vermelho Steam, 2021<\/p>\n[\/vc_column_text][\/vc_column][\/vc_row][vc_row thb_full_width=&#8221;true&#8221; thb_divider_position=&#8221;bottom&#8221; css=&#8221;.vc_custom_1649711625148{padding-top: 9vh !important;padding-bottom: 9vh !important;}&#8221; el_class=&#8221;align-center&#8221;][vc_column width=&#8221;5\/6&#8243;][vc_row_inner][vc_column_inner width=&#8221;1\/2&#8243;]\t<div id=\"thb-image-69f435875bdcd\" class=\"caption-style1  aligncenter   thb_image_link wp-caption \">\n\t\t\t<div class=\"thb-image-inner size_100\">\n\t\t\t<img loading=\"lazy\" decoding=\"async\" width=\"802\" height=\"1241\" src=\"https:\/\/luismaluf.com\/wp-content\/uploads\/2022\/04\/vermelho3.jpg\" class=\"thb_image    attachment-full\" alt=\"\" title=\"vermelho3\">\t\t\t\t\t<\/div>\n\t\t\t\t\t<\/div>\n\t[\/vc_column_inner][vc_column_inner width=&#8221;1\/2&#8243;]\t<div id=\"thb-image-69f435875d065\" class=\"caption-style1  aligncenter   thb_image_link wp-caption \">\n\t\t\t<div class=\"thb-image-inner size_100\">\n\t\t\t<img loading=\"lazy\" decoding=\"async\" width=\"802\" height=\"1241\" src=\"https:\/\/luismaluf.com\/wp-content\/uploads\/2022\/04\/vermelho4.jpg\" class=\"thb_image    attachment-full\" alt=\"\" title=\"vermelho4\">\t\t\t\t\t<\/div>\n\t\t\t\t\t<\/div>\n\t[\/vc_column_inner][\/vc_row_inner][vc_column_text css=&#8221;.vc_custom_1649713935188{padding-top: 30px !important;}&#8221;]\n<p style=\"text-align: right;\">Rel\u00edquias, Vermelho Steam, 2021<\/p>\n[\/vc_column_text][\/vc_column][\/vc_row][vc_row thb_full_width=&#8221;true&#8221; thb_divider_position=&#8221;bottom&#8221; css=&#8221;.vc_custom_1649712759687{padding-top: 9vh !important;padding-bottom: 9vh !important;background-color: #000000 !important;}&#8221; el_class=&#8221;align-center&#8221;][vc_column thb_color=&#8221;thb-light-column&#8221; width=&#8221;5\/6&#8243;][vc_column_text]\n<h1>EDUCATIVO<\/h1>\n[\/vc_column_text][vc_separator color=&#8221;white&#8221; align=&#8221;align_left&#8221; border_width=&#8221;2&#8243; el_width=&#8221;40&#8243;][vc_row_inner css=&#8221;.vc_custom_1649711269394{padding-top: 9vh !important;}&#8221;][vc_column_inner width=&#8221;1\/2&#8243;][\/vc_column_inner][vc_column_inner width=&#8221;1\/2&#8243;][vc_column_text]As exposi\u00e7\u00f5es da galeria contam com uma programa\u00e7\u00e3o educativa, com equipe pr\u00f3pria, que realiza diferentes atividades, como:<\/p>\n<ul>\n<li>visitas mediadas, a fim de aproximar ainda mais a rela\u00e7\u00e3o do p\u00fablico com as obras;<\/li>\n<li>conta\u00e7\u00e3o de hist\u00f3rias, que utiliza de materiais educativos incitando o l\u00fadico como ferramenta de aproxima\u00e7\u00e3o;<\/li>\n<li>rodas de conversa, que proporcionam embasamento te\u00f3rico e hist\u00f3rico para o p\u00fablico acerca da mostra;<\/li>\n<li>oficinas, referenciando as pr\u00e1ticas e t\u00e9cnicas dos artistas, como forma de conex\u00e3o entre o p\u00fablico e a produ\u00e7\u00e3o.<\/li>\n<\/ul>\n[\/vc_column_text][\/vc_column_inner][\/vc_row_inner][vc_row_inner css=&#8221;.vc_custom_1649711269394{padding-top: 9vh !important;}&#8221;][vc_column_inner]\t<div id=\"thb-image-69f435875e995\" class=\"caption-style1  aligncenter full  thb_image_link wp-caption \">\n\t\t\t<div class=\"thb-image-inner size_100\">\n\t\t\t<img loading=\"lazy\" decoding=\"async\" width=\"1684\" height=\"1166\" src=\"https:\/\/luismaluf.com\/wp-content\/uploads\/2022\/04\/educativo1.jpg\" class=\"thb_image    attachment-full\" alt=\"\" title=\"educativo1\">\t\t\t\t\t<\/div>\n\t\t\t\t\t<div class=\"thb-image-content\">\n\t\tVisita Mediada \u00e0<br \/>\nexposi\u00e7\u00e3o \u201cStop!\u201d, 2022\t\t<\/div>\n\t\t\t<\/div>\n\t[\/vc_column_inner][\/vc_row_inner][\/vc_column][\/vc_row][vc_row thb_full_width=&#8221;true&#8221; thb_divider_position=&#8221;bottom&#8221; css=&#8221;.vc_custom_1649712759687{padding-top: 9vh !important;padding-bottom: 9vh !important;background-color: #000000 !important;}&#8221; el_class=&#8221;align-center&#8221;][vc_column thb_color=&#8221;thb-light-column&#8221; width=&#8221;5\/6&#8243;][vc_column_text]\n<h1>FEIRAS<\/h1>\n[\/vc_column_text][vc_separator color=&#8221;white&#8221; align=&#8221;align_left&#8221; border_width=&#8221;2&#8243; el_width=&#8221;40&#8243;][vc_row_inner css=&#8221;.vc_custom_1649711269394{padding-top: 9vh !important;}&#8221;][vc_column_inner width=&#8221;1\/2&#8243;][vc_column_text]SP-Arte<\/p>\n<p>ArtRio<\/p>\n<p>ArtSampa<\/p>\n<p>Art Palm Beach[\/vc_column_text][\/vc_column_inner][vc_column_inner width=&#8221;1\/2&#8243;][vc_column_text]A galeria participa de feiras nacionais e internacionais, com um calend\u00e1rio que dialoga com as exposi\u00e7\u00f5es dos artistas e com suas produ\u00e7\u00f5es. Entendemos que a import\u00e2ncia de participa\u00e7\u00e3o nas feiras de arte \u00e9 de extrema relev\u00e2ncia para o <strong>posicionamento dos artistas dentro do circuito<\/strong>, tendo contato com as produ\u00e7\u00f5es de outras galerias, com colecionadores, curadores e demais agentes.<\/p>\n<p>Participamos anualmente da SP-Arte, maior feira da Am\u00e9rica Latina, e agora tamb\u00e9m da ArtRio, feira de grande relev\u00e2ncia nacional, e agora tamb\u00e9m da ArtSampa, que ter\u00e1 sua primeira edi\u00e7\u00e3o neste ano. A internacional Art Palm Beach \u00e9 uma feira com grande destaque no cen\u00e1rio contempor\u00e2neo.[\/vc_column_text][\/vc_column_inner][\/vc_row_inner][vc_separator color=&#8221;white&#8221; align=&#8221;align_left&#8221; border_width=&#8221;2&#8243; css=&#8221;.vc_custom_1649714626859{padding-top: 30px !important;padding-bottom: 30px !important;}&#8221;][vc_row_inner css=&#8221;.vc_custom_1649711269394{padding-top: 9vh !important;}&#8221;][vc_column_inner width=&#8221;1\/2&#8243;][vc_column_text]\n<h3>SP-Arte 2021<\/h3>\n<h3>Retorno ao evento presencial<\/h3>\n[\/vc_column_text][\/vc_column_inner][vc_column_inner width=&#8221;1\/2&#8243;][vc_column_text]\n<h2>5 dias de feira<\/h2>\n[\/vc_column_text][vc_separator color=&#8221;white&#8221; align=&#8221;align_left&#8221; border_width=&#8221;2&#8243; el_width=&#8221;50&#8243;][vc_column_text]\n<h2>84 expositores presenciais<\/h2>\n[\/vc_column_text][vc_separator color=&#8221;white&#8221; align=&#8221;align_left&#8221; border_width=&#8221;2&#8243; el_width=&#8221;50&#8243;][vc_column_text]\n<h2>18.500 visitantes<\/h2>\n[\/vc_column_text][vc_separator color=&#8221;white&#8221; align=&#8221;align_left&#8221; border_width=&#8221;2&#8243; el_width=&#8221;50&#8243;][\/vc_column_inner][\/vc_row_inner][vc_row_inner css=&#8221;.vc_custom_1649711269394{padding-top: 9vh !important;}&#8221;][vc_column_inner]\t<div id=\"thb-image-69f43587601c0\" class=\"caption-style2  aligncenter full  thb_image_link wp-caption \">\n\t\t\t<div class=\"thb-image-inner size_100\">\n\t\t\t<img loading=\"lazy\" decoding=\"async\" width=\"1684\" height=\"1166\" src=\"https:\/\/luismaluf.com\/wp-content\/uploads\/2022\/04\/sparte.jpg\" class=\"thb_image    attachment-full\" alt=\"\" title=\"sparte\">\t\t\t\t\t<\/div>\n\t\t\t\t\t<div class=\"thb-image-content\">\n\t\tSP-Arte 2021\t\t<\/div>\n\t\t\t<\/div>\n\t[\/vc_column_inner][\/vc_row_inner][\/vc_column][\/vc_row]\n<\/div>","protected":false},"excerpt":{"rendered":"<p>[vc_row thb_full_width=&#8221;true&#8221; thb_divider_position=&#8221;bottom&#8221; css=&#8221;.vc_custom_1649714801520{padding-top: 15vh !important;padding-bottom: 9vh !important;background-color: #000000 !important;}&#8221; el_class=&#8221;align-center&#8221;][vc_column thb_color=&#8221;thb-light-column&#8221; width=&#8221;5\/6&#8243;][vc_row_inner css=&#8221;.vc_custom_1649711269394{padding-top: 9vh !important;}&#8221;][vc_column_inner][\/vc_column_inner][\/vc_row_inner][\/vc_column][\/vc_row][vc_row thb_full_width=&#8221;true&#8221; thb_divider_position=&#8221;bottom&#8221; css=&#8221;.vc_custom_1649712115421{padding-bottom: 9vh !important;background-color: #000000 !important;}&#8221; el_class=&#8221;align-center&#8221;][vc_column thb_color=&#8221;thb-light-column&#8221; width=&#8221;5\/6&#8243;][vc_column_text] LUIS MALUF GALERIA DE ARTE [\/vc_column_text][vc_separator color=&#8221;white&#8221; align=&#8221;align_left&#8221; border_width=&#8221;2&#8243; el_width=&#8221;40&#8243;][vc_row_inner css=&#8221;.vc_custom_1649711269394{padding-top: 9vh !important;}&#8221;][vc_column_inner width=&#8221;1\/2&#8243;][\/vc_column_inner][vc_column_inner width=&#8221;1\/2&#8243;][vc_column_text]A Luis Maluf Galeria de Arte, fundada em 2014 na cidade de S\u00e3o Paulo, apresenta-se&hellip;<\/p>\n","protected":false},"author":1,"featured_media":0,"parent":0,"menu_order":0,"comment_status":"closed","ping_status":"closed","template":"","meta":{"_acf_changed":false,"footnotes":""},"class_list":["post-10790","page","type-page","status-publish","hentry"],"acf":[],"_links":{"self":[{"href":"https:\/\/luismaluf.com\/en\/wp-json\/wp\/v2\/pages\/10790","targetHints":{"allow":["GET"]}}],"collection":[{"href":"https:\/\/luismaluf.com\/en\/wp-json\/wp\/v2\/pages"}],"about":[{"href":"https:\/\/luismaluf.com\/en\/wp-json\/wp\/v2\/types\/page"}],"author":[{"embeddable":true,"href":"https:\/\/luismaluf.com\/en\/wp-json\/wp\/v2\/users\/1"}],"replies":[{"embeddable":true,"href":"https:\/\/luismaluf.com\/en\/wp-json\/wp\/v2\/comments?post=10790"}],"version-history":[{"count":0,"href":"https:\/\/luismaluf.com\/en\/wp-json\/wp\/v2\/pages\/10790\/revisions"}],"wp:attachment":[{"href":"https:\/\/luismaluf.com\/en\/wp-json\/wp\/v2\/media?parent=10790"}],"curies":[{"name":"wp","href":"https:\/\/api.w.org\/{rel}","templated":true}]}}